{"id":141,"date":"2012-04-21T13:58:37","date_gmt":"2012-04-21T12:58:37","guid":{"rendered":"http:\/\/ps-landeron.ch\/WordPress3\/?page_id=141"},"modified":"2026-01-23T09:05:47","modified_gmt":"2026-01-23T08:05:47","slug":"candidats-2012","status":"publish","type":"page","link":"http:\/\/ps-landeron.ch\/WordPress3\/?page_id=141","title":{"rendered":"Nos \u00e9lus"},"content":{"rendered":"<p><strong>Nos \u00e9lus au Conseil G\u00e9n\u00e9ral<\/strong><\/p>\n<ul>\n<li>Abdelati Amasmoud<\/li>\n<li>Jo\u00ebl Bader<\/li>\n<li>Gilliane B\u00fcrli<\/li>\n<li>Jacques Devenoges<\/li>\n<li>Thomas Froelicher<\/li>\n<li>Mathieu Hopmann<\/li>\n<li>J\u00e9sus Martin<\/li>\n<li>Vanessa Piot<\/li>\n<li>Patric Randazzo<\/li>\n<\/ul>\n<p>Notre suppl\u00e9ante au Conseil g\u00e9n\u00e9ral<\/p>\n<ul>\n<li>Alina Oppikofer<\/li>\n<\/ul>\n<p><strong>Notre \u00e9lu au Conseil Communal<\/strong><\/p>\n<ul>\n<li>Fr\u00e9dy Winz<\/li>\n<\/ul>\n","protected":false},"excerpt":{"rendered":"<p>Nos \u00e9lus au Conseil G\u00e9n\u00e9ral Abdelati Amasmoud Jo\u00ebl Bader Gilliane B\u00fcrli Jacques Devenoges Thomas Froelicher Mathieu Hopmann J\u00e9sus Martin Vanessa Piot Patric Randazzo Notre suppl\u00e9ante au Conseil g\u00e9n\u00e9ral Alina Oppikofer Notre \u00e9lu au Conseil Communal Fr\u00e9dy Winz<\/p>\n","protected":false},"author":1,"featured_media":0,"parent":0,"menu_order":0,"comment_status":"closed","ping_status":"closed","template":"","meta":{"footnotes":""},"class_list":["post-141","page","type-page","status-publish","hentry"],"_links":{"self":[{"href":"http:\/\/ps-landeron.ch\/WordPress3\/index.php?rest_route=\/wp\/v2\/pages\/141","targetHints":{"allow":["GET"]}}],"collection":[{"href":"http:\/\/ps-landeron.ch\/WordPress3\/index.php?rest_route=\/wp\/v2\/pages"}],"about":[{"href":"http:\/\/ps-landeron.ch\/WordPress3\/index.php?rest_route=\/wp\/v2\/types\/page"}],"author":[{"embeddable":true,"href":"http:\/\/ps-landeron.ch\/WordPress3\/index.php?rest_route=\/wp\/v2\/users\/1"}],"replies":[{"embeddable":true,"href":"http:\/\/ps-landeron.ch\/WordPress3\/index.php?rest_route=%2Fwp%2Fv2%2Fcomments&post=141"}],"version-history":[{"count":22,"href":"http:\/\/ps-landeron.ch\/WordPress3\/index.php?rest_route=\/wp\/v2\/pages\/141\/revisions"}],"predecessor-version":[{"id":2307,"href":"http:\/\/ps-landeron.ch\/WordPress3\/index.php?rest_route=\/wp\/v2\/pages\/141\/revisions\/2307"}],"wp:attachment":[{"href":"http:\/\/ps-landeron.ch\/WordPress3\/index.php?rest_route=%2Fwp%2Fv2%2Fmedia&parent=141"}],"curies":[{"name":"wp","href":"https:\/\/api.w.org\/{rel}","templated":true}]}}